{"id":933,"date":"2014-12-14T21:18:39","date_gmt":"2014-12-14T21:18:39","guid":{"rendered":"http:\/\/artistdesign.de\/blog\/?page_id=933"},"modified":"2023-08-27T20:29:43","modified_gmt":"2023-08-27T20:29:43","slug":"der-grosse-zirkus","status":"publish","type":"page","link":"https:\/\/artistdesign.de\/blog\/der-grosse-zirkus","title":{"rendered":"Diese Welt  \u2013  ein gro\u00dfes Zirkuszelt"},"content":{"rendered":"<p style=\"background-color: transparent;\"><strong style=\"background-color: transparent;\">Link zur inzwischen historischen Seite der Bremer Tanzgruppe Minha Dan\u00e7a:<br \/>\n<a style=\"background-color: transparent;\" href=\"https:\/\/www.clemens-raphael.de\/minha-danca\/\">https:\/\/www.clemens-raphael.de\/minha-danca\/ <\/a><\/strong><\/p>\n<p style=\"background-color: transparent;\"><strong style=\"background-color: transparent;\">Aus der Geschichte der Tanzgruppe: Erste Ideen unserer Tanzgruppe, das Motto des Bremer Karnevals 2015 &#8218;DER GROSSE ZIRKUS&#8216; anzugehen:<\/strong><br \/>\nHier finden wir erste, kontroverse Ideen der Bremer Samba-Tanzgruppe &#8218;Minha Dan\u00e7a&#8216; zum Motto des Bremer Karnevals 2015&nbsp; &#8218;Der gro\u00dfe Zirkus&#8216;. Je n\u00e4her der gro\u00dfe Zirkus r\u00fcckt, desto schwieriger wird die Entscheidung f\u00fcr nur eine Idee.<\/p>\n<p>&nbsp;<\/p>\n<p><strong>TOTAL-RECYCLING<\/strong><br \/>\nDa jeder Samba-Karneval per se ein gro\u00dfer Zirkus ist, ist es ein Geniestreich, die vorhandenen Kost\u00fcme der letzten 10 Jahre durchzuforsten und aufzumischen: Die bisherigen Themen zur Erinnerung: All-\u00dcberall, Anno 1404, Carneval Animal, Weibsbilder, Karneval Industrial, Delikatessen, Rot, carnaval teatral, Metamorphose, FAIRkehrte Welt, Heimat.<\/p>\n<div id=\"attachment_947\" style=\"width: 527px\" class=\"wp-caption alignleft\"><a href=\"https:\/\/artistdesign.de\/blog\/wp-content\/uploads\/2014\/12\/MinhaDanca_Gruppe_Kostuemix_04.jpg\"><img loading=\"lazy\" decoding=\"async\" aria-describedby=\"caption-attachment-947\" class=\"size-full wp-image-947\" title=\"Minha Danca Kost\u00fcme-Mix\" src=\"https:\/\/artistdesign.de\/blog\/wp-content\/uploads\/2014\/12\/MinhaDanca_Gruppe_Kostuemix_04.jpg\" alt=\"Minha Danca Kost\u00fcme-Mix bis 2011\" width=\"517\" height=\"344\" srcset=\"https:\/\/artistdesign.de\/blog\/wp-content\/uploads\/2014\/12\/MinhaDanca_Gruppe_Kostuemix_04.jpg 1024w, https:\/\/artistdesign.de\/blog\/wp-content\/uploads\/2014\/12\/MinhaDanca_Gruppe_Kostuemix_04-300x199.jpg 300w, https:\/\/artistdesign.de\/blog\/wp-content\/uploads\/2014\/12\/MinhaDanca_Gruppe_Kostuemix_04-451x300.jpg 451w\" sizes=\"auto, (max-width: 517px) 100vw, 517px\" \/><\/a><p id=\"caption-attachment-947\" class=\"wp-caption-text\">Mega-Kost\u00fcm-Mix-Gruppenfoto 2011<\/p><\/div>\n<p>Fast alle unsere bisherigen Kost\u00fcme sind dokumentiert: <a title=\"Minha Dan\u00e7a - Galerie\" href=\"http:\/\/minha-danca.de\/galerie.htm\" target=\"_blank\" rel=\"noopener\">http:\/\/minha-danca.de\/galerie.htm<\/a><br \/>\nEin wilder Kost\u00fcm-Mix ist daher machbar und persifliert das diesj\u00e4hrige Motto &#8218;Zirkus&#8216; ganz hervorragend. Als tierische Elemente f\u00fcrs Recycling sind die Zebras aus 2014 und die Schlangen aus 2005 gut geeignet. Alle Kost\u00fcme allerdings haben ihren Reiz, daher ist auch ein bunterkunter Mix denkbar.<\/p>\n<p>&nbsp;<\/p>\n<p><strong>DIE WELT DES BUSINESS IST EIN GROSSER ZIRKUS,<br \/>\nDENN GELD REGIERT DIE WELT<\/strong><br \/>\nDie Gruppe ist gleichgeschaltet chic business-grau kost\u00fcmiert.<strong><br \/>\n<\/strong><\/p>\n<div id=\"attachment_950\" style=\"width: 492px\" class=\"wp-caption alignleft\"><a href=\"https:\/\/artistdesign.de\/blog\/wp-content\/uploads\/2014\/12\/nurWuerdenTraeger.jpg\"><img loading=\"lazy\" decoding=\"async\" aria-describedby=\"caption-attachment-950\" class=\"size-full wp-image-950\" title=\"Inflation der W\u00fcrdentr\u00e4ger\" src=\"https:\/\/artistdesign.de\/blog\/wp-content\/uploads\/2014\/12\/nurWuerdenTraeger.jpg\" alt=\"Inflation der W\u00fcrdentr\u00e4ger\" width=\"482\" height=\"279\" srcset=\"https:\/\/artistdesign.de\/blog\/wp-content\/uploads\/2014\/12\/nurWuerdenTraeger.jpg 501w, https:\/\/artistdesign.de\/blog\/wp-content\/uploads\/2014\/12\/nurWuerdenTraeger-300x174.jpg 300w, https:\/\/artistdesign.de\/blog\/wp-content\/uploads\/2014\/12\/nurWuerdenTraeger-500x290.jpg 500w\" sizes=\"auto, (max-width: 482px) 100vw, 482px\" \/><\/a><p id=\"caption-attachment-950\" class=\"wp-caption-text\">Inflation der W\u00fcrdentr\u00e4ger<\/p><\/div>\n<p>Entweder vorne wei\u00df geschminkte Gesichter mit roter Pappnase oder hinten bunt wie Clown. Geld-Gold-Koffer als Accessoire.<br \/>\nEventuell verdrahtet wie heutige, mit &#8217;sich selbst&#8216; redende autistische Zeitgenossen.<\/p>\n<p>&nbsp;<\/p>\n<div id=\"attachment_967\" style=\"width: 258px\" class=\"wp-caption alignright\"><a href=\"https:\/\/artistdesign.de\/blog\/wp-content\/uploads\/2014\/12\/clown.jpg\"><img loading=\"lazy\" decoding=\"async\" aria-describedby=\"caption-attachment-967\" class=\"size-full wp-image-967\" title=\"Clown nicht Klon\" src=\"https:\/\/artistdesign.de\/blog\/wp-content\/uploads\/2014\/12\/clown.jpg\" alt=\"Traum des Clown\" width=\"248\" height=\"368\" srcset=\"https:\/\/artistdesign.de\/blog\/wp-content\/uploads\/2014\/12\/clown.jpg 353w, https:\/\/artistdesign.de\/blog\/wp-content\/uploads\/2014\/12\/clown-202x300.jpg 202w\" sizes=\"auto, (max-width: 248px) 100vw, 248px\" \/><\/a><p id=\"caption-attachment-967\" class=\"wp-caption-text\">Der&nbsp; Clown im Traum<\/p><\/div>\n<p><strong>DER DIREKTE ZIRKUS MIT DIREKTOR<br \/>\n<\/strong><\/p>\n<p>Die Gestalten der Gruppe sind solche des Zirkus: Direktor in Uniform und Zylinder, Dompteur mit Peitsche, Seilt\u00e4nzerin auf Leine im Ballerina-Kleid.<\/p>\n<p>Clown als erstarrte Lachmaske, Tierpfleger im roten Overall, Messerwerfer mit Brusthaar-Toupet, seine Assistentin auf Drehscheibe mit 3-Punkt-Gurt. Jongleure lassen nichts, Hochseilartisten aber sich selbst fallen. M\u00f6glichst wilde, inzwischen aber doch gez\u00e4hmte Tiere d\u00fcrfen nicht fehlen: Tiger, Zebra, Elefant, L\u00f6we, der durch den brennenden Ring springt. Heimisches Getier wird als Unterlage zum Voltigiereren genutzt.<\/p>\n<p>&nbsp;<\/p>\n<p><strong>DER SKURRILE ZIRKUS<\/strong><br \/>\n\u2022 Die Welt steht Kopf: Master-Slave-Prinzip umkehren: Tiere dominieren Menschen, z.B. mit Peitsche oder Menschen im K\u00e4fig.<br \/>\n\u2022 M\u00e4nner an die Leine: Frauen h\u00fcbsch dekorativ, M\u00e4nner als Scho\u00dfhunde passend zur Handtasche<br \/>\n\u2022 Frauen an die Waffen: Ein Sonnen- gleich Regenschirm ist als theatralscher Pointer bestens geeignet, um das Publikum &#8218;mitzunehmen&#8216;, zu animieren<br \/>\n\u2022 Rollbarer Kleiderst\u00e4nder als Umzugshilfe: Kleiderwechsel(Umziehen) w\u00e4hrend des Umzugs, Identit\u00e4ten wechseln wie Rollen<br \/>\n\u2022 Gruppe gleichgeschaltet, alle Mitglieder laufen als Ronald McDonald, dem geklonten Clown.<\/p>\n<p>&nbsp;<\/p>\n<p><strong>SLOGANS:<\/strong><br \/>\nDiese Welt ist ein Zirkuszelt!<br \/>\nAlles Geld der Welt im Zirkuszelt!<br \/>\nJetzt geht&#8217;s rund!<br \/>\nSalto mortale!<br \/>\nMenschen, Tiere, Sensationen!<\/p>\n<p>&nbsp;<\/p>\n<p><strong>ZUR INSPIRATION &amp; ASSOZIATION<\/strong><br \/>\nZirkusdirektor mit Zylinder und Zirkus-Uniform<br \/>\nElefant, Pferd, Zebra, Lama, L\u00f6we, Tiger im K\u00e4fig<br \/>\nVoltigieren<br \/>\nDompteur, Dompteuse<br \/>\nDominus, Domina<br \/>\nPeitsche<br \/>\nReifen brennt<br \/>\nK\u00e4fig<br \/>\nFeuerschlucker<br \/>\nMesserwerfer<br \/>\nBauchredner<br \/>\nClown<br \/>\nKlon<br \/>\nJongleur<br \/>\nEinradfahrer<br \/>\nHarlekin<br \/>\nPierrot<br \/>\nGewichtheber<br \/>\nAkrobaten &amp; Artisten<br \/>\nHochseilakrobatik<br \/>\nTrapez<br \/>\nAuffangnetz<br \/>\nSalto mortale<br \/>\nMeine Nummer<br \/>\nKunstst\u00fcck<br \/>\nVorhang<br \/>\nStaunen<br \/>\nGauklerei<br \/>\nT\u00e4uschung<br \/>\nBlendwerk<br \/>\nZauberer<br \/>\nTaschenspielertrick<br \/>\nShow<br \/>\nEntertainment<br \/>\nVorstellung<br \/>\nzirkusreif<br \/>\nZirkusorchester<br \/>\nKakophonie<br \/>\nFlohzirkus<br \/>\nMitmachzirkus<br \/>\nManege frei<br \/>\nArena<br \/>\nTheater<br \/>\nCirculus vitiosus<br \/>\nKreislauf<br \/>\nKreisel<br \/>\nZyklus<br \/>\nDrehsinn<br \/>\nRunde<br \/>\nRotunde<br \/>\nHamsterrolle<br \/>\nWanderzirkus<br \/>\nZirkuswagen, Wohnwagen<br \/>\nFahrendes Volk<br \/>\nMigrationshintergrund<\/p>\n<p>&nbsp;<\/p>\n<p><strong><br \/>\nDURCHGEDREHT VERDREHT IM ZIRKUSZELT<\/strong><\/p>\n<div id=\"attachment_978\" style=\"width: 381px\" class=\"wp-caption alignright\"><a title=\"Der Mond ist voll die Stimmung toll der Weg ist klar how near how far!\" href=\"http:\/\/www.artflakes.com\/de\/products\/lunatic-nightwalk---man-into-the-moon---adiccion-lunatica\" target=\"_blank\" rel=\"noopener\"><img loading=\"lazy\" decoding=\"async\" aria-describedby=\"caption-attachment-978\" class=\"size-full wp-image-978\" title=\"Lunatic Nightwalk | Man into the Moon | Adicci\u00f3n Lunatica\" src=\"https:\/\/artistdesign.de\/blog\/wp-content\/uploads\/2014\/12\/Nightmoonwalker_04_1024.jpg\" alt=\"Lunatic Nightwalk\" width=\"371\" height=\"264\" srcset=\"https:\/\/artistdesign.de\/blog\/wp-content\/uploads\/2014\/12\/Nightmoonwalker_04_1024.jpg 1024w, https:\/\/artistdesign.de\/blog\/wp-content\/uploads\/2014\/12\/Nightmoonwalker_04_1024-300x213.jpg 300w, https:\/\/artistdesign.de\/blog\/wp-content\/uploads\/2014\/12\/Nightmoonwalker_04_1024-421x300.jpg 421w\" sizes=\"auto, (max-width: 371px) 100vw, 371px\" \/><\/a><p id=\"caption-attachment-978\" class=\"wp-caption-text\">Lunatic Nightwalk<\/p><\/div>\n<p>+++++ Sic Cur ++++ Kurs Zi ++++ Zur Ski ++++ Ski zur ++++<br \/>\n++++ ZIERDE GROSS KURS ++++ ERDE GROSS ZIRKUS ++++ DOGE ZERRISS KURS ++++ GERD SEI KURZ ROSS ++++ KURDE ZERRISS SOG ++++ SKI ODER ERZ GRUSS ++++&nbsp; DOSE ZERRISS KRUG ++++ DER SIEG KURZ ROSS ++++ DER GEIZ KURS ROSS ++++ DER KREIS ZUG ROSS ++++<br \/>\nDER REIZ GOSS KURS ++++ DRESS ERGO ZIRKUS ++++ DRESS KREUZ ROSIG ++++ DR KERZE SO RUSSIG ++++ DR EGO RISS ES KURZ ++++&nbsp; DR ERGO ESS ZIRKUS ++++ DR SORGE REIZ KUSS ++++&nbsp; UDSSR ERZOG KRISE ++++&nbsp; KURDE ZERRISS SOG ++++<\/p>\n<p>&nbsp;<\/p>\n<p><strong><br \/>\nDURCHGEDREHT VERDREHT WIE ZIRKUSSCHIRM<\/strong><\/p>\n<div id=\"attachment_988\" style=\"width: 270px\" class=\"wp-caption alignright\"><a href=\"https:\/\/artistdesign.de\/blog\/wp-content\/uploads\/2014\/12\/MD15_Kostuem_Zirkus_y18_Figur_04.jpg\"><img loading=\"lazy\" decoding=\"async\" aria-describedby=\"caption-attachment-988\" class=\"size-large wp-image-988\" title=\"Minha-Danca-Zirkus-Wasser-Kost\u00fcm\" src=\"https:\/\/artistdesign.de\/blog\/wp-content\/uploads\/2014\/12\/MD15_Kostuem_Zirkus_y18_Figur_04-439x1024.jpg\" alt=\"Minha-Danca-Zirkus-Wasser-Kost\u00fcm\" width=\"260\" height=\"607\" srcset=\"https:\/\/artistdesign.de\/blog\/wp-content\/uploads\/2014\/12\/MD15_Kostuem_Zirkus_y18_Figur_04-439x1024.jpg 439w, https:\/\/artistdesign.de\/blog\/wp-content\/uploads\/2014\/12\/MD15_Kostuem_Zirkus_y18_Figur_04-128x300.jpg 128w, https:\/\/artistdesign.de\/blog\/wp-content\/uploads\/2014\/12\/MD15_Kostuem_Zirkus_y18_Figur_04.jpg 687w\" sizes=\"auto, (max-width: 260px) 100vw, 260px\" \/><\/a><p id=\"caption-attachment-988\" class=\"wp-caption-text\">Minha-Danca-Zirkus-Wasser-Kost\u00fcm<\/p><\/div>\n<p>Das eine Kost\u00fcm als Vertreter der Wasser-Gruppe, steht soweit. Die Figur ist zwar noch hohl, wird aber noch gef\u00fcllt am Tage des Karnevals. Diese ist gut vorstellbar, die Sonnenbrille deutet ein reales Dahinter an.<\/p>\n<p>Mal sehen, wann die anderen Kost\u00fcme soweit sind: Wir sind gespannt auf Gold, Blaugr\u00fcn zu T\u00fcrkis, aber auch Rot und Silber zu Schwarz und Wei\u00df. Das wird ein bunterkunter Zirkus, wo keiner noch ein noch aus wei\u00df, da von allen Seiten unterschiedlichste Gestalten anzunehmen sind.<\/p>\n<p>Das gemeinsame Element wird der Schirm sein, das Dach, die Kuppel des allumfassenden Zirkus.<\/p>\n<p>An alle, die den Schirm bisher f\u00fcr endg\u00fcltig hielten in seiner Urform in Schwarz auf Rot: es l\u00e4sst sich relativ leicht umf\u00e4rben mit Sprayfarbe, am besten mit Lack f\u00fcr Autos, da dieser gut deckt, au\u00dfen bleibt und nicht zu tief einzieht in das Papier! Sieht absolut wertvoll, wie aus Blattgold!<\/p>\n<div id=\"attachment_990\" style=\"width: 594px\" class=\"wp-caption alignleft\"><a href=\"https:\/\/artistdesign.de\/blog\/wp-content\/uploads\/2014\/12\/MD15_Kostuem_Zirkus_y18_Portrait-Schirm_05.jpg\"><img loading=\"lazy\" decoding=\"async\" aria-describedby=\"caption-attachment-990\" class=\"size-large wp-image-990\" title=\"Drehender Schirm im Anmarsch\" src=\"https:\/\/artistdesign.de\/blog\/wp-content\/uploads\/2014\/12\/MD15_Kostuem_Zirkus_y18_Portrait-Schirm_05-1024x768.jpg\" alt=\"Drehender Schirm im Anmarsch\" width=\"584\" height=\"438\" srcset=\"https:\/\/artistdesign.de\/blog\/wp-content\/uploads\/2014\/12\/MD15_Kostuem_Zirkus_y18_Portrait-Schirm_05-1024x768.jpg 1024w, https:\/\/artistdesign.de\/blog\/wp-content\/uploads\/2014\/12\/MD15_Kostuem_Zirkus_y18_Portrait-Schirm_05-300x225.jpg 300w, https:\/\/artistdesign.de\/blog\/wp-content\/uploads\/2014\/12\/MD15_Kostuem_Zirkus_y18_Portrait-Schirm_05-400x300.jpg 400w, https:\/\/artistdesign.de\/blog\/wp-content\/uploads\/2014\/12\/MD15_Kostuem_Zirkus_y18_Portrait-Schirm_05.jpg 1600w\" sizes=\"auto, (max-width: 584px) 100vw, 584px\" \/><\/a><p id=\"caption-attachment-990\" class=\"wp-caption-text\">Drehender Schirm im Anmarsch<\/p><\/div>\n<p>Allerdings zeigt sich sogleich, dass der Schirm in dieser Form doch zu unauff\u00e4llig ist und nur bedingt an Zirkus zu erinnern vermag, es muss dicker aufgetragen werden!<br \/>\nEine Teilung in 2 Farbbereiche ist stressfrei m\u00f6glich (der Schirm&nbsp; ist unterteilt in 16 Felder), eine Dreiteilung wird nicht \u00fcberzeugend gelingen, erst eine bunterkunte Teilung durch 4 kann wieder erfolgreich sein.<\/p>\n<div id=\"attachment_990\" style=\"width: 594px\" class=\"wp-caption alignleft\"><a href=\"https:\/\/artistdesign.de\/blog\/wp-content\/uploads\/2015\/01\/MD15_Kostuem_Zirkus_y18_Portrait-Schirm_05_1600px.jpg\"><img loading=\"lazy\" decoding=\"async\" aria-describedby=\"caption-attachment-990\" class=\"size-large wp-image-990  \" title=\"Drehender Schirm im Anmarsch\" src=\"https:\/\/artistdesign.de\/blog\/wp-content\/uploads\/2015\/01\/MD15_Kostuem_Zirkus_y18_Portrait-Schirm_05_1600px.jpg\" alt=\"Drehender Schirm im Anmarsch\" width=\"584\" height=\"438\"><\/a><p id=\"caption-attachment-990\" class=\"wp-caption-text\">Dieser Schirm kommt zweifarbig daher wie ein Zirkuszelt<\/p><\/div>\n<p>Damit ist eine Br\u00fccke gebaut zwischen &#8218;einfach nur Schirm&#8216; und der Vorstellung einer Vorstellung &#8218;Zirkus im Zelt&#8216;, die ja in bunten, alternierend gef\u00e4rbten Zirkuskuppeln stattfindet. Typische Farbzusammenstellung bei Zirkuszelten, sortiert nach H\u00e4ufigkeit des Vorkommens: Gelb \/ Rot, Rot \/ Blau, Rot \/ Wei\u00df, Blau \/ Gelb.<\/p>\n<p>F\u00fcr das Gesamtbild der Gruppe k\u00f6nnte es gut so aussehen: Schirme in Rot \/ Einzelgruppenfarbe<br \/>\nBeispiel &#8218;Zebra-Gruppe&#8216;: Schirm Rot \/ Schwarz&nbsp; oder Rot \/ Wei\u00df.<br \/>\nBeispiel &#8218;Theatrale Gruppe&#8216;, Kost\u00fcme Schwarz\/Rot\/Goldgelb: Schirm Rot zu Gold<br \/>\nBeispiel &#8218;Delikate Gruppe&#8216;,&nbsp;Kost\u00fcme Silber\/Rot: Schirm Rot zu Silber.<\/p>\n<p>So sieht die finale Version des Wasser-Kost\u00fcms aus: Basisfarben kaltes Blauviolett zu Blaugr\u00fcn, Akzente in Gold und Rot<\/p>\n<div id=\"attachment_1000\" style=\"width: 390px\" class=\"wp-caption alignnone\"><a href=\"https:\/\/artistdesign.de\/blog\/wp-content\/uploads\/2015\/02\/MD15_Kostuem_Zirkus_y18_Figur_13.jpg\"><img loading=\"lazy\" decoding=\"async\" aria-describedby=\"caption-attachment-1000\" class=\"size-large wp-image-1000 \" title=\"Minha-Danca-Zirkus-Wasser-Kost\u00fcm mit Schirm\" src=\"https:\/\/artistdesign.de\/blog\/wp-content\/uploads\/2015\/02\/MD15_Kostuem_Zirkus_y18_Figur_13-380x1024.jpg\" alt=\"Minha-Danca-Zirkus-Wasser-Kost\u00fcm mit Schirm\" width=\"380\" height=\"1024\" srcset=\"https:\/\/artistdesign.de\/blog\/wp-content\/uploads\/2015\/02\/MD15_Kostuem_Zirkus_y18_Figur_13-380x1024.jpg 380w, https:\/\/artistdesign.de\/blog\/wp-content\/uploads\/2015\/02\/MD15_Kostuem_Zirkus_y18_Figur_13-111x300.jpg 111w\" sizes=\"auto, (max-width: 380px) 100vw, 380px\" \/><\/a><p id=\"caption-attachment-1000\" class=\"wp-caption-text\">Finale Version der Wasser-Gruppe<\/p><\/div>\n<div id=\"attachment_1014\" style=\"width: 1034px\" class=\"wp-caption alignnone\"><a href=\"https:\/\/artistdesign.de\/blog\/wp-content\/uploads\/2014\/12\/MD15_Umzug_Grp_Der-grosse-Zirkus_.jpg\"><img loading=\"lazy\" decoding=\"async\" aria-describedby=\"caption-attachment-1014\" class=\"size-full wp-image-1014 \" title=\"Minja Dan\u00e7a 2015 Der-grosse-Zirkus\" src=\"https:\/\/artistdesign.de\/blog\/wp-content\/uploads\/2014\/12\/MD15_Umzug_Grp_Der-grosse-Zirkus_.jpg\" alt=\"Minja Dan\u00e7a 2015 Der-grosse-Zirkus\" width=\"1024\" height=\"743\" srcset=\"https:\/\/artistdesign.de\/blog\/wp-content\/uploads\/2014\/12\/MD15_Umzug_Grp_Der-grosse-Zirkus_.jpg 1024w, https:\/\/artistdesign.de\/blog\/wp-content\/uploads\/2014\/12\/MD15_Umzug_Grp_Der-grosse-Zirkus_-300x217.jpg 300w, https:\/\/artistdesign.de\/blog\/wp-content\/uploads\/2014\/12\/MD15_Umzug_Grp_Der-grosse-Zirkus_-413x300.jpg 413w\" sizes=\"auto, (max-width: 1024px) 100vw, 1024px\" \/><\/a><p id=\"caption-attachment-1014\" class=\"wp-caption-text\">Gesamtgruppenfoto Sambakarneval 2015, DER GOSSE ZIRKUS<\/p><\/div>\n<p>Das Ergebnis: Individueller Kost\u00fcmmix, z.T. in Gruppen aufgel\u00f6st: Wasser- und Sonnengruppe sind erkennbar, der Rest wird als Freestyle tituliert, das Zirkuszelt hat sich m\u00e4chtig verkleinert auf h\u00fcbsche schwarz-rot-goldene Schirmchen, drehbar wie Ventilatoren und dekorativ wie Regenschirme, die ihrer Aufgabe ob ihrer Gr\u00f6\u00dfe nur bedingt nachkommen k\u00f6nnen.<\/p>\n","protected":false},"excerpt":{"rendered":"<p>Link zur inzwischen historischen Seite der Bremer Tanzgruppe Minha Dan\u00e7a: https:\/\/www.clemens-raphael.de\/minha-danca\/ Aus der Geschichte der Tanzgruppe: Erste Ideen unserer Tanzgruppe, das Motto des Bremer Karnevals 2015 &#8218;DER GROSSE ZIRKUS&#8216; anzugehen: Hier finden wir erste, kontroverse Ideen der Bremer Samba-Tanzgruppe &#8218;Minha Dan\u00e7a&#8216; zum Motto des Bremer Karnevals 2015&nbsp; &#8218;Der gro\u00dfe Zirkus&#8216;. Je n\u00e4her der gro\u00dfe Zirkus&hellip; <br \/> <a class=\"read-more\" href=\"https:\/\/artistdesign.de\/blog\/der-grosse-zirkus\">Weiterlesen<\/a><\/p>\n","protected":false},"author":2,"featured_media":0,"parent":0,"menu_order":0,"comment_status":"closed","ping_status":"closed","template":"sidebar-page.php","meta":{"ngg_post_thumbnail":0,"footnotes":""},"class_list":["post-933","page","type-page","status-publish","hentry"],"_links":{"self":[{"href":"https:\/\/artistdesign.de\/blog\/wp-json\/wp\/v2\/pages\/933","targetHints":{"allow":["GET"]}}],"collection":[{"href":"https:\/\/artistdesign.de\/blog\/wp-json\/wp\/v2\/pages"}],"about":[{"href":"https:\/\/artistdesign.de\/blog\/wp-json\/wp\/v2\/types\/page"}],"author":[{"embeddable":true,"href":"https:\/\/artistdesign.de\/blog\/wp-json\/wp\/v2\/users\/2"}],"replies":[{"embeddable":true,"href":"https:\/\/artistdesign.de\/blog\/wp-json\/wp\/v2\/comments?post=933"}],"version-history":[{"count":59,"href":"https:\/\/artistdesign.de\/blog\/wp-json\/wp\/v2\/pages\/933\/revisions"}],"predecessor-version":[{"id":2707,"href":"https:\/\/artistdesign.de\/blog\/wp-json\/wp\/v2\/pages\/933\/revisions\/2707"}],"wp:attachment":[{"href":"https:\/\/artistdesign.de\/blog\/wp-json\/wp\/v2\/media?parent=933"}],"curies":[{"name":"wp","href":"https:\/\/api.w.org\/{rel}","templated":true}]}}